{"id":11,"date":"2019-03-23T16:45:56","date_gmt":"2019-03-23T16:45:56","guid":{"rendered":"https:\/\/cootransmelgar.com\/business-free-1\/"},"modified":"2023-12-28T20:34:55","modified_gmt":"2023-12-28T20:34:55","slug":"inicio","status":"publish","type":"page","link":"https:\/\/cootransmelgar.com\/","title":{"rendered":"inicio"},"content":{"rendered":"<p><section class=\"kc-elm kc-css-211319 kc_row\"><div class=\"kc-row-container  kc-container\"><div class=\"kc-wrap-columns\"><div class=\"kc-elm kc-css-752168 kc_col-sm-12 kc_column kc_col-sm-12\"><div class=\"kc-col-container\"><div class=\"kc-elm kc-css-18238 kc-animated kc-animate-eff-fadeInRight kc-animate-delay-650 kc_text_block\"><\/p>\n<p>M\u00e1s de 37 a\u00f1os de Experiencia<\/p>\n<p>\n<\/div><div class=\"kc-elm kc-css-165353 kc-animated kc-animate-eff-fadeInRight kc-animate-delay-650 kc_text_block\"><\/p>\n<p>Transportando Tolimenses<\/p>\n<p>\n<\/div>\n<div class=\"kc-elm kc-css-976241 kc-animated kc-animate-eff-bounceIn kc-animate-delay-1500\">\n\t<a class=\"kc_button\" href=\"#\" onclick=\"\">\n\t\tNuestros Vehiculos\t<\/a>\n<\/div>\n<\/div><\/div><\/div><\/div><\/section><section class=\"kc-elm kc-css-599977 kc_row\"><div class=\"kc-row-container  kc-container\"><div class=\"kc-wrap-columns\"><div class=\"kc-elm kc-css-925900 kc_col-sm-12 kc_column kc_col-sm-12\"><div class=\"kc-col-container\"><div class=\"kc-elm kc-css-734691 kc_text_block\"><\/p>\n<p>Cooperativa de Transportadores de Melgar<\/p>\n<p>\n<\/div><div class=\"kc-elm kc-css-469080 kc_text_block\"><\/p>\n<p>Porque tu Sonrisa es primero!!!<\/p>\n<p>\n<\/div><\/div><\/div><\/div><\/div><\/section><section class=\"kc-elm kc-css-844733 kc_row\"><div class=\"kc-row-container  kc-container\"><div class=\"kc-wrap-columns\"><div class=\"kc-elm kc-css-23676 kc_col-sm-12 kc_column kc_col-sm-12\"><div class=\"kc-col-container\"><div class=\"kc-elm kc-css-285147 kc_row kc_row_inner\"><div class=\"kc-elm kc-css-967106 kc_col-sm-4 kc_column_inner kc_col-sm-4\"><div class=\"kc_wrapper kc-col-inner-container\"><div class=\"kc-elm kc-css-863894 kc-feature-boxes kc-fb-layout-1\">\n\n\t<div class=\"content-icon\"><i class=\"fa-sitemap\"><\/i><\/div><div class=\"content-title\">COOTRANSMELGAR<\/div><div class=\"content-desc\">La Cooperativa de Transportadores de Melgar Limitada COOTRANSMELGAR, es una empresa asociativa sin \u00e1nimo de lucro, de n\u00famero de asociados y de patrimonio variable e ilimitado...<\/div><div class=\"content-button\"><a href=\"https:\/\/cootransmelgar.com\/historia\/\" target=\"_self\" title=\"\">Ver m\u00e1s<\/a><\/div>\n<\/div>\n<\/div><\/div><div class=\"kc-elm kc-css-453988 kc_col-sm-4 kc_column_inner kc_col-sm-4\"><div class=\"kc_wrapper kc-col-inner-container\"><div class=\"kc-elm kc-css-975986 kc-feature-boxes kc-fb-layout-1\">\n\n\t<div class=\"content-icon\"><i class=\"fa-shipping-fast\"><\/i><\/div><div class=\"content-title\">VEHICULOS<\/div><div class=\"content-desc\">Hoy en d\u00eda el parque automotor  vinculado  a la empresa est\u00e1 clasificado en cuatro (4) modalidades, las cuales son: Servicio Colectivo Urbano - Servicio de transporte mixto o veredal - Servicio de transporte Intermunicipal...<\/div>\n<\/div>\n<\/div><\/div><div class=\"kc-elm kc-css-277635 kc_col-sm-4 kc_column_inner kc_col-sm-4\"><div class=\"kc_wrapper kc-col-inner-container\"><div class=\"kc-elm kc-css-299229 kc-feature-boxes kc-fb-layout-1\">\n\n\t<div class=\"content-icon\"><i class=\"fa-road\"><\/i><\/div><div class=\"content-title\">NUESTRAS RUTAS<\/div><div class=\"content-desc\">Contamos con un radio de acci\u00f3n urbano y veredal en el Municipio de Melgar e Intermunicipal a los municipios de Carmen de Apical\u00e1 y Flandes en el departamento del Tolima y a Girardot...<\/div>\n<\/div>\n<\/div><\/div><\/div><\/div><\/div><\/div><\/div><\/section><section class=\"kc-elm kc-css-949805 kc_row\"><div class=\"kc-row-container\"><div class=\"kc-wrap-columns\"><div class=\"kc-elm kc-css-228686 kc_col-sm-12 kc_column kc_col-sm-12\"><div class=\"kc-col-container\"><div class=\"kc-elm kc-css-815496 kc_tabs group kc-tabs-slider\"><div class=\"owl-carousel\" data-owl-options='{\"items\":1,\"speed\":400,\"navigation\":\"yes\",\"pagination\":\"yes\",\"autoheight\":\"\",\"autoplay\":\"yes\",\"tablet\":1,\"mobile\":1}'><div id=\"new-tab\" class=\"kc-elm kc-css-599266 kc_tab ui-tabs-panel kc_ui-tabs-hide kc_clearfix \"><div class=\"kc_tab_content\">\n<div class=\"kc-elm kc-css-561401 kc-title-wrap \">\n\n\t<h2 class=\"kc_title title-rut\">NUESTRAS RUTAS<\/h2>\n<\/div>\n<div class=\"kc-elm kc-css-232836 kc_row kc_row_inner kc-row-container  kc-container addpropi\"><div class=\"kc-elm kc-css-585176 kc_col-sm-12 kc_column_inner kc_col-sm-12\"><div class=\"kc_wrapper kc-col-inner-container\">\n<div class=\"kc-elm kc-css-110553 kc-flipbox kc-flip-container flip-vertical\" ontouchstart=\"this.classList.toggle('hover');\">\n\t<div class=\"flipper\">\n\t\t<div class=\"front\">\n\t\t\t<div class=\"front-content\">\n\t\t\t\t<h3>MUNICIPIO DE MELGAR<\/h3><p>Rutas de servicio urbano y veredal:\r\n<\/br>\r\nMelgar es el centro tur\u00edstico m\u00e1s visitado del interior del pa\u00eds. A tan solo una hora y media de Bogot\u00e1 y a 75 minutos de la Capital del Departamento del Tolima, Ibagu\u00e9.<\/p>\t\t\t<\/div>\n\t\t<\/div>\n\t\t<div class=\"back\">\n\t\t\t<div class=\"des\">\n\t\t\t\t<p>Este Municipio ofrece una importante infraestructura hotelera, variedad de operadores tur\u00edsticos, \u201cUn Mar de Piscinas\u201d agradables microclimas, un c\u00e1lido servicio de entretenimiento nocturno y un insuperable ambiente de seguridad.<\/p>\t\t\t<\/div>\n\t\t<\/div>\n\t<\/div>\n<\/div>\n<\/div><\/div><\/div><\/div><\/div><div id=\"new-tab\" class=\"kc-elm kc-css-124392 kc_tab ui-tabs-panel kc_ui-tabs-hide kc_clearfix \"><div class=\"kc_tab_content\">\n<div class=\"kc-elm kc-css-117502 kc-title-wrap \">\n\n\t<h2 class=\"kc_title title-rut\">NUESTRAS RUTAS<\/h2>\n<\/div>\n<div class=\"kc-elm kc-css-311021 kc_row kc_row_inner kc-row-container  kc-container addpropi\"><div class=\"kc-elm kc-css-786268 kc_col-sm-12 kc_column_inner kc_col-sm-12\"><div class=\"kc_wrapper kc-col-inner-container\">\n<div class=\"kc-elm kc-css-812399 kc-flipbox kc-flip-container flip-vertical\" ontouchstart=\"this.classList.toggle('hover');\">\n\t<div class=\"flipper\">\n\t\t<div class=\"front\">\n\t\t\t<div class=\"front-content\">\n\t\t\t\t<h3>MUNICIPIO DE CARMEN DE APICAL\u00c1<\/h3><p>Rutas de servicio Intermunicipal:\r\n<\/br>\r\nAdornado por una naturaleza exuberante, y varios condominios campestres; su temperatura promedio es de unos 28 \u00b0C y est\u00e1 ubicado a unos 300 msnm.<\/p>\t\t\t<\/div>\n\t\t<\/div>\n\t\t<div class=\"back\">\n\t\t\t<div class=\"des\">\n\t\t\t\t<p>La quebrada La Palmara y la quebrada La Arenosa ba\u00f1an todo el casco urbano proporcionando el recurso h\u00eddrico y paisaj\u00edstico como elemento de composici\u00f3n ecol\u00f3gico. La quebrada Apical\u00e1 que ba\u00f1a a todo el municipio de Sur a Norte, cuenta con un sistema de afluentes h\u00eddricos alimentadores.\r\n\r\n<\/p>\t\t\t<\/div>\n\t\t<\/div>\n\t<\/div>\n<\/div>\n<\/div><\/div><\/div><\/div><\/div><div id=\"new-tab\" class=\"kc-elm kc-css-783044 kc_tab ui-tabs-panel kc_ui-tabs-hide kc_clearfix \"><div class=\"kc_tab_content\">\n<div class=\"kc-elm kc-css-882741 kc-title-wrap \">\n\n\t<h2 class=\"kc_title title-rut\">NUESTRAS RUTAS<\/h2>\n<\/div>\n<div class=\"kc-elm kc-css-555563 kc_row kc_row_inner kc-row-container  kc-container addpropi\"><div class=\"kc-elm kc-css-270279 kc_col-sm-12 kc_column_inner kc_col-sm-12\"><div class=\"kc_wrapper kc-col-inner-container\">\n<div class=\"kc-elm kc-css-573130 kc-flipbox kc-flip-container flip-vertical\" ontouchstart=\"this.classList.toggle('hover');\">\n\t<div class=\"flipper\">\n\t\t<div class=\"front\">\n\t\t\t<div class=\"front-content\">\n\t\t\t\t<h3>MUNICIPIO DE FLANDES<\/h3><p>Rutas de servicio Intermunicipal:\r\n<\/br>\r\nMunicipio localizado en el centro del pa\u00eds en la cuenca alta del R\u00edo Magdalena, en las desembocaduras del R\u00edo Bogot\u00e1, R\u00edo Sumapaz y el R\u00edo Coello.<\/p>\t\t\t<\/div>\n\t\t<\/div>\n\t\t<div class=\"back\">\n\t\t\t<div class=\"des\">\n\t\t\t\t<p>Flandes en menor medida que Girardot y Ricaurte cuenta con lugares de alojamiento y especialmente condominios vacacionales. Y lo m\u00e1s sobresaliente de Flandes son los restaurantes de comida t\u00edpica.<\/p>\t\t\t<\/div>\n\t\t<\/div>\n\t<\/div>\n<\/div>\n<\/div><\/div><\/div><\/div><\/div><div id=\"new-tab\" class=\"kc-elm kc-css-575946 kc_tab ui-tabs-panel kc_ui-tabs-hide kc_clearfix \"><div class=\"kc_tab_content\">\n<div class=\"kc-elm kc-css-785335 kc-title-wrap \">\n\n\t<h2 class=\"kc_title title-rut\">NUESTRAS RUTAS<\/h2>\n<\/div>\n<div class=\"kc-elm kc-css-583399 kc_row kc_row_inner kc-row-container  kc-container addpropi\"><div class=\"kc-elm kc-css-643954 kc_col-sm-12 kc_column_inner kc_col-sm-12\"><div class=\"kc_wrapper kc-col-inner-container\">\n<div class=\"kc-elm kc-css-631447 kc-flipbox kc-flip-container flip-vertical\" ontouchstart=\"this.classList.toggle('hover');\">\n\t<div class=\"flipper\">\n\t\t<div class=\"front\">\n\t\t\t<div class=\"front-content\">\n\t\t\t\t<h3>MUNICIPIO DE GIRARDOT<\/h3><p>Rutas de servicio Intermunicipal:\r\n<\/br>\r\nGirardot es una de las ciudades m\u00e1s importantes de Cundinamarca por su poblaci\u00f3n, centros de educaci\u00f3n superior, econom\u00eda y extensi\u00f3n urbana. <\/p>\t\t\t<\/div>\n\t\t<\/div>\n\t\t<div class=\"back\">\n\t\t\t<div class=\"des\">\n\t\t\t\t<p>Ubicado en la Provincia del Alto Magdalena, de la cual es capital. Limita al norte con los municipios de Nari\u00f1o y Tocaima, al sur con el municipio de Flandes y el R\u00edo Magdalena.<\/p>\t\t\t<\/div>\n\t\t<\/div>\n\t<\/div>\n<\/div>\n<\/div><\/div><\/div><\/div><\/div><div id=\"new-tab\" class=\"kc-elm kc-css-623459 kc_tab ui-tabs-panel kc_ui-tabs-hide kc_clearfix \"><div class=\"kc_tab_content\">Empty tab. Edit page to add content here.<\/div><\/div><\/div><\/div><\/div><\/div><\/div><\/div><\/section><section class=\"kc-elm kc-css-436475 kc_row esconder\"><div class=\"kc-row-container\"><div class=\"kc-wrap-columns\"><div class=\"kc-elm kc-css-371244 kc_col-sm-3 kc_column kc_col-sm-3\"><div class=\"colored-overlay kc-col-container\">\n<div class=\"kc-elm kc-css-683815 kc_counter_box\">\n\t<i class=\"et-megaphone element-icon\"><\/i>\t<span class=\"counterup\">1970<\/span>\n\t<h4>Projects Complete<\/h4><\/div>\n<div class=\"kc-elm kc-css-867329 kc_text_block\"><\/p>\n<p>\nLorem ipsum dolor sit amet, consectetuer adipiscing elit. Quisque porta. Integer tempor. Proin mattis lacinia justo. Maecenas ipsum velit, consectetuer eu lobortis ut, dictum at dui.<\/p>\n<p>\n<\/div><\/div><\/div><div class=\"kc-elm kc-css-815481 kc_col-sm-3 kc_column kc_col-sm-3\"><div class=\"colored-overlay kc-col-container\">\n<div class=\"kc-elm kc-css-669725 kc_counter_box\">\n\t<i class=\"et-happy element-icon\"><\/i>\t<span class=\"counterup\">2973<\/span>\n\t<h4>Happy Customers<\/h4><\/div>\n<div class=\"kc-elm kc-css-301106 kc_text_block\"><\/p>\n<p>\nLorem ipsum dolor sit amet, consectetuer adipiscing elit. Quisque porta. Integer tempor. Proin mattis lacinia justo. Maecenas ipsum velit, consectetuer eu lobortis ut, dictum at dui.<\/p>\n<p>\n<\/div><\/div><\/div><div class=\"kc-elm kc-css-686398 kc_col-sm-3 kc_column kc_col-sm-3\"><div class=\"colored-overlay kc-col-container\">\n<div class=\"kc-elm kc-css-230054 kc_counter_box\">\n\t<i class=\"et-alarmclock element-icon\"><\/i>\t<span class=\"counterup\">1269<\/span>\n\t<h4>Hours Worked<\/h4><\/div>\n<div class=\"kc-elm kc-css-491169 kc_text_block\"><\/p>\n<p>\nLorem ipsum dolor sit amet, consectetuer adipiscing elit. Quisque porta. Integer tempor. Proin mattis lacinia justo. Maecenas ipsum velit, consectetuer eu lobortis ut, dictum at dui.<\/p>\n<p>\n<\/div><\/div><\/div><div class=\"kc-elm kc-css-462752 kc_col-sm-3 kc_column kc_col-sm-3\"><div class=\"colored-overlay kc-col-container\">\n<div class=\"kc-elm kc-css-160236 kc_counter_box\">\n\t<i class=\"et-trophy element-icon\"><\/i>\t<span class=\"counterup\">1269<\/span>\n\t<h4>Awards Won<\/h4><\/div>\n<div class=\"kc-elm kc-css-660738 kc_text_block\"><\/p>\n<p>\nLorem ipsum dolor sit amet, consectetuer adipiscing elit. Quisque porta. Integer tempor. Proin mattis lacinia justo. Maecenas ipsum velit, consectetuer eu lobortis ut, dictum at dui.<\/p>\n<p>\n<\/div><\/div><\/div><\/div><\/div><\/section><section class=\"kc-elm kc-css-197389 kc_row\"><div class=\"kc-row-container  kc-container\"><div class=\"kc-wrap-columns\"><div class=\"kc-elm kc-css-404931 kc_col-sm-6 kc_column kc_col-sm-6\"><div class=\"kc-col-container\">\n<div class=\"kc-elm kc-css-562916 kc-title-wrap \">\n\n\t<h3 class=\"kc_title\">Cootransmelgar<\/h3>\n<\/div>\n<div class=\"kc-elm kc-css-751954 kc_text_block\"><\/p>\n<p>Nuestra Misi\u00f3n es satisfacer las necesidades de transporte de nuestros clientes y usuarios garantizando  la movilidad, la oportunidad,  la seguridad y la responsabilidad en la prestaci\u00f3n del servicio; Aportando al desarrollo regional, la promoci\u00f3n del turismo y el mejoramiento de la calidad de vida de nuestros usuarios, colaboradores y asociados.<\/p>\n<p>\n<\/div><\/div><\/div><div class=\"kc-elm kc-css-808834 kc_col-sm-3 kc_column kc_col-sm-3\"><div class=\"kc-col-container\">\n<div class=\"kc-elm kc-css-96182 kc-title-wrap \">\n\n\t<h3 class=\"kc_title\">Valores Corporativos<\/h3>\n<\/div>\n<div class=\"kc-elm kc-css-708942 kc_text_block\"><\/p>\n<p><a style=\"color: #ffffff;\" href=\"#\">100% Responsive<\/a><\/p>\n<p><a style=\"color: #ffffff;\" href=\"#\">Drag &#038; Drop<\/a><\/p>\n<p><a style=\"color: #ffffff;\" href=\"#\">Demo Content Importer<\/a><\/p>\n<p><a style=\"color: #ffffff;\" href=\"#\">WooCommerce Support<\/a><\/p>\n<p>\n<\/div><\/div><\/div><div class=\"kc-elm kc-css-490089 kc_col-sm-3 kc_column kc_col-sm-3\"><div class=\"kc-col-container\">\n<div class=\"kc-elm kc-css-974977 kc-title-wrap \">\n\n\t<h3 class=\"kc_title\">Cont\u00e1ctenos<\/h3>\n<\/div>\n<div class=\"kc-elm kc-css-751699 kc-feature-boxes kc-fb-layout-3\">\n\n\t<div class=\"content-icon\"><i class=\"et-map\"><\/i><\/div><div class=\"box-right\"><div class=\"content-title\">Cra 37 N\u00b04-13 Barrio Sicomoro Melgar, Tolima<\/div><\/div>\n<\/div>\n<div class=\"kc-elm kc-css-5304 kc-feature-boxes kc-fb-layout-3\">\n\n\t<div class=\"content-icon\"><i class=\"sl-phone\"><\/i><\/div><div class=\"box-right\"><div class=\"content-title\">+ (57) 2-452-354<\/div><\/div>\n<\/div>\n<div class=\"kc-elm kc-css-685353 kc-feature-boxes kc-fb-layout-3\">\n\n\t<div class=\"content-icon\"><i class=\"et-envelope\"><\/i><\/div><div class=\"box-right\"><div class=\"content-title\">cootransmelgar@yahoo.com<\/div><\/div>\n<\/div>\n<\/div><\/div><\/div><\/div><\/section><\/p>\n","protected":false},"excerpt":{"rendered":"","protected":false},"author":2,"featured_media":0,"parent":0,"menu_order":0,"comment_status":"closed","ping_status":"closed","template":"template-parts\/template-homepage.php","meta":{"footnotes":""},"class_list":["post-11","page","type-page","status-publish","hentry"],"_links":{"self":[{"href":"https:\/\/cootransmelgar.com\/index.php?rest_route=\/wp\/v2\/pages\/11"}],"collection":[{"href":"https:\/\/cootransmelgar.com\/index.php?rest_route=\/wp\/v2\/pages"}],"about":[{"href":"https:\/\/cootransmelgar.com\/index.php?rest_route=\/wp\/v2\/types\/page"}],"author":[{"embeddable":true,"href":"https:\/\/cootransmelgar.com\/index.php?rest_route=\/wp\/v2\/users\/2"}],"replies":[{"embeddable":true,"href":"https:\/\/cootransmelgar.com\/index.php?rest_route=%2Fwp%2Fv2%2Fcomments&post=11"}],"version-history":[{"count":235,"href":"https:\/\/cootransmelgar.com\/index.php?rest_route=\/wp\/v2\/pages\/11\/revisions"}],"predecessor-version":[{"id":604,"href":"https:\/\/cootransmelgar.com\/index.php?rest_route=\/wp\/v2\/pages\/11\/revisions\/604"}],"wp:attachment":[{"href":"https:\/\/cootransmelgar.com\/index.php?rest_route=%2Fwp%2Fv2%2Fmedia&parent=11"}],"curies":[{"name":"wp","href":"https:\/\/api.w.org\/{rel}","templated":true}]}}